{"id":19463,"date":"2024-11-27T16:15:07","date_gmt":"2024-11-27T14:15:07","guid":{"rendered":"https:\/\/moniheli.fi\/?post_type=uutinen&#038;p=19463"},"modified":"2025-02-21T13:01:34","modified_gmt":"2025-02-21T11:01:34","slug":"syyskokous-2024","status":"publish","type":"uutinen","link":"https:\/\/moniheli.fi\/en\/uutinen\/syyskokous-2024\/","title":{"rendered":"Syyskokouksen t\u00e4rkeimm\u00e4t uutiset"},"content":{"rendered":"<div data-elementor-type=\"wp-post\" data-elementor-id=\"19463\" class=\"elementor elementor-19463\" data-elementor-post-type=\"uutinen\">\n\t\t\t\t<div class=\"elementor-element elementor-element-313f3b70 e-flex e-con-boxed e-con e-parent\" data-id=\"313f3b70\" data-element_type=\"container\" data-e-type=\"container\">\n\t\t\t\t\t<div class=\"e-con-inner\">\n\t\t\t\t<div class=\"elementor-element elementor-element-72384ce9 elementor-widget elementor-widget-text-editor\" data-id=\"72384ce9\" data-element_type=\"widget\" data-e-type=\"widget\" data-widget_type=\"text-editor.default\">\n\t\t\t\t<div class=\"elementor-widget-container\">\n\t\t\t\t\t\t\t\t\t<p>Moniheli-verkoston syyskokouksessa k\u00e4ytiin j\u00e4nnitt\u00e4v\u00e4 uuden hallituksen vaali. Lis\u00e4ksi tehtiin s\u00e4\u00e4nt\u00f6muutos, joka mahdollistaa jatkossa j\u00e4senmaksujen porrastuksen j\u00e4senj\u00e4rjest\u00f6n varallisuuden mukaisesti. Syyskokouksessa oli paikalla 28 \u00e4\u00e4nioikeudellista j\u00e4sent\u00e4 sek\u00e4 muita j\u00e4senj\u00e4rjest\u00f6jen edustajia. Puheenjohtajana toimi <strong>Keijo Mikkanen<\/strong> AFAES ry:st\u00e4. Kiit\u00e4mme verkostoa aktiivisesta osallistumisesta!<\/p><h2>New Board<\/h2><p class=\"translation-block\">The term of Moniheli's current chair, <strong>Emma Tamankag<\/strong>, will end at the turn of the year. We would like to extend our warmest thanks to Emma for her work for Moniheli.<\/p><p class=\"translation-block\"><strong>Tariq Omar<\/strong> elected as the new chairperson of Moniheli.<\/p><p><img fetchpriority=\"high\" decoding=\"async\" class=\"alignnone wp-image-19458 size-large\" src=\"https:\/\/moniheli.fi\/wp-content\/uploads\/2024\/11\/Tariq-1024x726.jpg\" alt=\"Tariq Omar\" width=\"800\" height=\"567\" srcset=\"https:\/\/moniheli.fi\/wp-content\/uploads\/2024\/11\/Tariq-1024x726.jpg 1024w, https:\/\/moniheli.fi\/wp-content\/uploads\/2024\/11\/Tariq-300x213.jpg 300w, https:\/\/moniheli.fi\/wp-content\/uploads\/2024\/11\/Tariq-768x545.jpg 768w, https:\/\/moniheli.fi\/wp-content\/uploads\/2024\/11\/Tariq-1536x1090.jpg 1536w, https:\/\/moniheli.fi\/wp-content\/uploads\/2024\/11\/Tariq-18x12.jpg 18w, https:\/\/moniheli.fi\/wp-content\/uploads\/2024\/11\/Tariq.jpg 1748w\" sizes=\"(max-width: 800px) 100vw, 800px\" \/><\/p><p>Tariq Omar on toiminut johtoteht\u00e4viss\u00e4 Samha ry:ss\u00e4 sek\u00e4 j\u00e4senen\u00e4 Kansanterveyden neuvottelukunnassa, miss\u00e4 h\u00e4n on vaikuttanut erityisesti maahanmuuttajien mielenterveys- ja p\u00e4ihdepalvelujen parantamiseen. H\u00e4nell\u00e4 on vahva osaaminen suomen ja englannin kieliss\u00e4, kokemusta strategiaty\u00f6st\u00e4, sek\u00e4 vahva tausta ty\u00f6lains\u00e4\u00e4d\u00e4nn\u00f6ss\u00e4 ja ty\u00f6hyvinvoinnissa. Kansalaistoiminta merkitsee h\u00e4nelle mahdollisuutta edist\u00e4\u00e4 yhteiskunnallista oikeudenmukaisuutta ja tukea erityisesti haavoittuvassa asemassa olevia ryhmi\u00e4. Tariq valittiin puheenjohtajaksi 21 \u00e4\u00e4nell\u00e4.<\/p><p>Monihelin vaalivaliokunta valmisteli syyskokoukseen ehdotuksen hallituksen kokoonpanosta. Syyskokous hylk\u00e4si vaalivaliokunnan ehdotuksen \u00e4\u00e4nin 22-4. T\u00e4m\u00e4n j\u00e4lkeen hallitukselle ehdotettiin j\u00e4senist\u00f6st\u00e4 uutta kokoonpanoa, joka hyv\u00e4ksyttiin 21 \u00e4\u00e4nell\u00e4.<\/p><p>Varsinaisiksi j\u00e4seniksi valittiin seuraavat henkil\u00f6t:<\/p><p><strong>Habiba Ali<\/strong><\/p><p><img decoding=\"async\" class=\"alignnone wp-image-19452 size-large\" src=\"https:\/\/moniheli.fi\/wp-content\/uploads\/2024\/11\/Habiba-1024x726.jpg\" alt=\"Habiba Ali\" width=\"800\" height=\"567\" srcset=\"https:\/\/moniheli.fi\/wp-content\/uploads\/2024\/11\/Habiba-1024x726.jpg 1024w, https:\/\/moniheli.fi\/wp-content\/uploads\/2024\/11\/Habiba-300x213.jpg 300w, https:\/\/moniheli.fi\/wp-content\/uploads\/2024\/11\/Habiba-768x545.jpg 768w, https:\/\/moniheli.fi\/wp-content\/uploads\/2024\/11\/Habiba-1536x1090.jpg 1536w, https:\/\/moniheli.fi\/wp-content\/uploads\/2024\/11\/Habiba-18x12.jpg 18w, https:\/\/moniheli.fi\/wp-content\/uploads\/2024\/11\/Habiba.jpg 1748w\" sizes=\"(max-width: 800px) 100vw, 800px\" \/><\/p><p>Habiba Alilla on laajaa kokemusta kotoutumisen, osallisuuden ja kansalaistoiminnan edist\u00e4misest\u00e4, sek\u00e4 syv\u00e4 ymm\u00e4rrys poliittisesta vaikuttamisesta. H\u00e4n on toiminut Suomen Monikulttuurinen Liikuntaliitto FIMU ry:n ja Somalia-verkoston puheenjohtajana sek\u00e4 hallituksen j\u00e4senen\u00e4 Moniheliss\u00e4.\u00a0 H\u00e4nell\u00e4 on 15 vuoden kokemus mm. hankety\u00f6st\u00e4, osallistumisesta monikulttuurisiin ryhmiin sek\u00e4 kotoutumista ja osallisuutta edist\u00e4viin verkostoihin. H\u00e4n on verkostoitunut laajasti eri viranomaisten, yhteis\u00f6jen ja j\u00e4rjest\u00f6jen kanssa. Lis\u00e4ksi h\u00e4n on toiminut Espoon kaupunginvaltuustossa ja projektikoordinaattorina Kirkon Ulkomaanavulla, keskittyen yhteisty\u00f6h\u00f6n viranomaisten ja uskonnollisten yhteis\u00f6jen kanssa.<\/p><p><strong>Melis Ari<\/strong><\/p><p><img decoding=\"async\" class=\"alignnone wp-image-19454 size-large\" src=\"https:\/\/moniheli.fi\/wp-content\/uploads\/2024\/11\/Melis-1024x726.jpg\" alt=\"Melis Ari\" width=\"800\" height=\"567\" srcset=\"https:\/\/moniheli.fi\/wp-content\/uploads\/2024\/11\/Melis-1024x726.jpg 1024w, https:\/\/moniheli.fi\/wp-content\/uploads\/2024\/11\/Melis-300x213.jpg 300w, https:\/\/moniheli.fi\/wp-content\/uploads\/2024\/11\/Melis-768x545.jpg 768w, https:\/\/moniheli.fi\/wp-content\/uploads\/2024\/11\/Melis-1536x1090.jpg 1536w, https:\/\/moniheli.fi\/wp-content\/uploads\/2024\/11\/Melis-18x12.jpg 18w, https:\/\/moniheli.fi\/wp-content\/uploads\/2024\/11\/Melis.jpg 1748w\" sizes=\"(max-width: 800px) 100vw, 800px\" \/><\/p><p>Melis Ari on vahva ja monipuolinen vaikuttaja, ja h\u00e4nell\u00e4 on pitk\u00e4 kokemus Moniheli ry:n toiminnasta, erityisesti kotoutumisen, osallisuuden ja vaikuttamisty\u00f6n edist\u00e4misest\u00e4. H\u00e4n on toiminut Familia ry:ss\u00e4 toiminnanjohtajana, hallituksessa ja puheenjohtajana sek\u00e4 osallistunut strategiaty\u00f6h\u00f6n ja poliittiseen vaikuttamiseen monilla tasoilla. H\u00e4nell\u00e4 on laajat verkostot Suomessa ja Euroopassa, ja h\u00e4n on vahvistanut maahanmuuttajien vaikuttamismahdollisuuksia. Lis\u00e4ksi h\u00e4n on perustanut kaksi monikulttuurista yhdistyst\u00e4 ja kouluttanut asiantuntijana laajasti eri aiheista, kuten mielenterveys, osallisuus ja antirasismi.<\/p><p><strong>Pia Groenewolt<\/strong><\/p><p><img loading=\"lazy\" decoding=\"async\" class=\"alignnone wp-image-19457 size-large\" src=\"https:\/\/moniheli.fi\/wp-content\/uploads\/2024\/11\/Pia-1024x726.png\" alt=\"Pia Groenewolt\" width=\"800\" height=\"567\" srcset=\"https:\/\/moniheli.fi\/wp-content\/uploads\/2024\/11\/Pia-1024x726.png 1024w, https:\/\/moniheli.fi\/wp-content\/uploads\/2024\/11\/Pia-300x213.png 300w, https:\/\/moniheli.fi\/wp-content\/uploads\/2024\/11\/Pia-768x545.png 768w, https:\/\/moniheli.fi\/wp-content\/uploads\/2024\/11\/Pia-1536x1090.png 1536w, https:\/\/moniheli.fi\/wp-content\/uploads\/2024\/11\/Pia-18x12.png 18w, https:\/\/moniheli.fi\/wp-content\/uploads\/2024\/11\/Pia.png 1748w\" sizes=\"(max-width: 800px) 100vw, 800px\" \/><\/p><p>Pia Groenewoltilla on vahva kokemus kansalaisvaikuttamisesta ja voittoa tavoittelemattomasta ty\u00f6st\u00e4, erityisesti kulttuurisen vuoropuhelun ja osallistumisen edist\u00e4misess\u00e4 Monihelin tyyppisten j\u00e4rjest\u00f6jen kautta. H\u00e4nell\u00e4 on laaja kokemus Euroopan tason hankkeista, kuten Erasmus- ja Horizon-rahoituksesta. H\u00e4n on ollut mukana Monaliikun perustamisessa sek\u00e4 ty\u00f6skennellyt eri eurooppalaisissa j\u00e4rjest\u00f6iss\u00e4, kuten All Digitalissa. H\u00e4n tuntee varainhankinnan, lobbaamisen ja politiikan merkityksen ja korostaa marginalisoitujen \u00e4\u00e4nten tukemista ja turvallisten tilojen luomista vuoropuhelulle eri kulttuurien v\u00e4lill\u00e4.<\/p><p><strong>Petra Pulli<\/strong><\/p><p><img loading=\"lazy\" decoding=\"async\" class=\"alignnone wp-image-19456 size-large\" src=\"https:\/\/moniheli.fi\/wp-content\/uploads\/2024\/11\/Petra-1024x726.png\" alt=\"Petra Pulli\" width=\"800\" height=\"567\" srcset=\"https:\/\/moniheli.fi\/wp-content\/uploads\/2024\/11\/Petra-1024x726.png 1024w, https:\/\/moniheli.fi\/wp-content\/uploads\/2024\/11\/Petra-300x213.png 300w, https:\/\/moniheli.fi\/wp-content\/uploads\/2024\/11\/Petra-768x545.png 768w, https:\/\/moniheli.fi\/wp-content\/uploads\/2024\/11\/Petra-1536x1090.png 1536w, https:\/\/moniheli.fi\/wp-content\/uploads\/2024\/11\/Petra-18x12.png 18w, https:\/\/moniheli.fi\/wp-content\/uploads\/2024\/11\/Petra.png 1748w\" sizes=\"(max-width: 800px) 100vw, 800px\" \/><\/p><p>Petra Pullilla on laaja kokemus osallisuutta, kotoutumista ja monikulttuurista yhteis\u00f6ty\u00f6t\u00e4 tukevissa teht\u00e4viss\u00e4. H\u00e4n ty\u00f6skentelee Vantaan kaupungilla vanhempana ty\u00f6llisyysasiantuntijana, keskittyen strategiaty\u00f6h\u00f6n ja osallisuutta edist\u00e4viin toimiin. H\u00e4n on ollut aktiivisesti mukana Monihelin ja Vantaan kaupungin strategiaty\u00f6ss\u00e4, eri hallitusteht\u00e4viss\u00e4 sek\u00e4 ohjausryhmiss\u00e4, esimerkiksi Familian ja Entergraten hallituksissa. Lis\u00e4ksi h\u00e4nen asiantuntemuksensa kattaa ty\u00f6lains\u00e4\u00e4d\u00e4nn\u00f6n ja ty\u00f6hyvinvoinnin, jotka ovat keskeisi\u00e4 osia h\u00e4nen ty\u00f6st\u00e4\u00e4n ja j\u00e4rjest\u00f6toiminnastaan.<\/p><p><strong>Harshwardhan Saini<\/strong><\/p><p><img loading=\"lazy\" decoding=\"async\" class=\"alignnone wp-image-19466 size-large\" src=\"https:\/\/moniheli.fi\/wp-content\/uploads\/2024\/11\/Harshwardhan-1024x726.png\" alt=\"Harshwardhan Saini\" width=\"800\" height=\"567\" srcset=\"https:\/\/moniheli.fi\/wp-content\/uploads\/2024\/11\/Harshwardhan-1024x726.png 1024w, https:\/\/moniheli.fi\/wp-content\/uploads\/2024\/11\/Harshwardhan-300x213.png 300w, https:\/\/moniheli.fi\/wp-content\/uploads\/2024\/11\/Harshwardhan-768x545.png 768w, https:\/\/moniheli.fi\/wp-content\/uploads\/2024\/11\/Harshwardhan-1536x1090.png 1536w, https:\/\/moniheli.fi\/wp-content\/uploads\/2024\/11\/Harshwardhan-18x12.png 18w, https:\/\/moniheli.fi\/wp-content\/uploads\/2024\/11\/Harshwardhan.png 1748w\" sizes=\"(max-width: 800px) 100vw, 800px\" \/><\/p><p>Harshwardhan Sainilla on vahva tausta poliittisessa vaikuttamisessa, kampanjoinnissa ja edunvalvonnassa sek\u00e4 laajaa verkosto-osaamista erityisesti Monihelin piiriss\u00e4. H\u00e4n toimii Psychological Practitioners Finland ry:n hallituksessa strategian ja toteutuksen parissa ja on ollut Monihelin hallituksen varaj\u00e4sen. Kokemusta h\u00e4nell\u00e4 on HR-teht\u00e4vist\u00e4 yli 10\u00a0 vuoden ajalta, sek\u00e4 erilaisten maahanmuuttajayhteis\u00f6jen tukemisesta Suomessa. H\u00e4nell\u00e4 on my\u00f6s yhteyksi\u00e4 poliittisiin vaikuttajiin eri puolueista, ja h\u00e4n ty\u00f6skentelee aktiivisesti v\u00e4hemmist\u00f6jen \u00e4\u00e4nten esiin tuomiseksi.<\/p><p><strong>Johanna Wirkkala<\/strong><\/p><p><img loading=\"lazy\" decoding=\"async\" class=\"alignnone wp-image-19453 size-large\" src=\"https:\/\/moniheli.fi\/wp-content\/uploads\/2024\/11\/Johanna-1024x726.png\" alt=\"Johanna Wirkkala\" width=\"800\" height=\"567\" srcset=\"https:\/\/moniheli.fi\/wp-content\/uploads\/2024\/11\/Johanna-1024x726.png 1024w, https:\/\/moniheli.fi\/wp-content\/uploads\/2024\/11\/Johanna-300x213.png 300w, https:\/\/moniheli.fi\/wp-content\/uploads\/2024\/11\/Johanna-768x545.png 768w, https:\/\/moniheli.fi\/wp-content\/uploads\/2024\/11\/Johanna-1536x1090.png 1536w, https:\/\/moniheli.fi\/wp-content\/uploads\/2024\/11\/Johanna-18x12.png 18w, https:\/\/moniheli.fi\/wp-content\/uploads\/2024\/11\/Johanna.png 1748w\" sizes=\"(max-width: 800px) 100vw, 800px\" \/><\/p><p>Johanna Wirkkalalla on laaja kokemus kotoutumisen, osallisuuden ja hyvinvoinnin edist\u00e4misest\u00e4 erityisesti maahanmuuttajataustaisten naisten ja perheiden parissa. H\u00e4n on johtanut monikulttuurista naisty\u00f6t\u00e4 ja toiminut esihenkil\u00f6n\u00e4. H\u00e4nell\u00e4 on my\u00f6s kokemusta taloushallinnosta ja laajasta hanketoiminnasta STEA:n ja EU-rahoituksen parissa. Lis\u00e4ksi h\u00e4nell\u00e4 on syv\u00e4 ymm\u00e4rrys vaikuttamisty\u00f6st\u00e4, verkostotoiminnasta ja valtionavustusten hakemisesta. Johanna korostaa j\u00e4rjest\u00f6jen t\u00e4rke\u00e4\u00e4 roolia tasa-arvon, demokratian ja yhteiskunnallisen vaikuttamisen vahvistajana erityisesti nykyisten poliittisten leikkausten valossa.<\/p><p>Lis\u00e4ksi varaj\u00e4seniksi valittiin:<\/p><p><strong>Nora Cassandra Dadi<\/strong><\/p><p><img loading=\"lazy\" decoding=\"async\" class=\"alignnone wp-image-19455 size-large\" src=\"https:\/\/moniheli.fi\/wp-content\/uploads\/2024\/11\/Nora-1024x726.png\" alt=\"Nora Dadi\" width=\"800\" height=\"567\" srcset=\"https:\/\/moniheli.fi\/wp-content\/uploads\/2024\/11\/Nora-1024x726.png 1024w, https:\/\/moniheli.fi\/wp-content\/uploads\/2024\/11\/Nora-300x213.png 300w, https:\/\/moniheli.fi\/wp-content\/uploads\/2024\/11\/Nora-768x545.png 768w, https:\/\/moniheli.fi\/wp-content\/uploads\/2024\/11\/Nora-1536x1090.png 1536w, https:\/\/moniheli.fi\/wp-content\/uploads\/2024\/11\/Nora-18x12.png 18w, https:\/\/moniheli.fi\/wp-content\/uploads\/2024\/11\/Nora.png 1748w\" sizes=\"(max-width: 800px) 100vw, 800px\" \/><\/p><p>Nora Cassandra Dadi on kokenut kansalaistoiminnan asiantuntija, joka painottaa yhteiskunnan aktiivista kehitt\u00e4mist\u00e4 ja erityisesti tukitoimien kohdentamista heikommassa asemassa oleville ryhmille. H\u00e4n on aktiivinen j\u00e4sen useissa j\u00e4rjest\u00f6iss\u00e4, kuten Kaapatut Lapset ry:ss\u00e4, miss\u00e4 h\u00e4n on osallistunut strategiseen ja taloudelliseen ohjaukseen sek\u00e4 edunvalvontaan. H\u00e4n on syvent\u00e4nyt verkosto-osaamistaan Familia ry:ss\u00e4 ja kansainv\u00e4lisiss\u00e4 projekteissa, kehitt\u00e4nyt viestint\u00e4- ja vaikuttamistaitojaan, sek\u00e4 rakentanut laajoja yhteis\u00f6verkostoja eri kulttuuriryhmien v\u00e4lille. H\u00e4nen panoksensa vahvistaa kulttuurienv\u00e4list\u00e4 yhteisty\u00f6t\u00e4 ja monimuotoista yhteiskuntaa.<\/p><p><strong>Pardeep Rathore<\/strong><\/p><p><img loading=\"lazy\" decoding=\"async\" class=\"alignnone wp-image-19459 size-large\" src=\"https:\/\/moniheli.fi\/wp-content\/uploads\/2024\/11\/Pardeep-2-1024x726.jpg\" alt=\"Pardeep Rathore\" width=\"800\" height=\"567\" srcset=\"https:\/\/moniheli.fi\/wp-content\/uploads\/2024\/11\/Pardeep-2-1024x726.jpg 1024w, https:\/\/moniheli.fi\/wp-content\/uploads\/2024\/11\/Pardeep-2-300x213.jpg 300w, https:\/\/moniheli.fi\/wp-content\/uploads\/2024\/11\/Pardeep-2-768x545.jpg 768w, https:\/\/moniheli.fi\/wp-content\/uploads\/2024\/11\/Pardeep-2-1536x1090.jpg 1536w, https:\/\/moniheli.fi\/wp-content\/uploads\/2024\/11\/Pardeep-2-18x12.jpg 18w, https:\/\/moniheli.fi\/wp-content\/uploads\/2024\/11\/Pardeep-2.jpg 1748w\" sizes=\"(max-width: 800px) 100vw, 800px\" \/><\/p><p>Pardeep Rathore on kokenut kansalaistoiminnan ja verkostotoiminnan asiantuntija. H\u00e4n toimii United Vision ry:ss\u00e4 p\u00e4\u00e4llikk\u00f6n\u00e4, joka koordinoi toimintaa ja rahoitusta sek\u00e4 laatii hanke-ehdotuksia. H\u00e4n on my\u00f6s UN Youth of Helsinki ry:n hallituksen j\u00e4sen. H\u00e4n on johtanut nuorisovaihtoja ja kansainv\u00e4lisi\u00e4 projekteja, edist\u00e4nyt kulttuurienv\u00e4list\u00e4 yhteisty\u00f6t\u00e4 sek\u00e4 rakentanut kumppanuuksia yli 100 organisaation kanssa. Digimarkkinoinnin asiantuntijana h\u00e4n hy\u00f6dynt\u00e4\u00e4 teknologioita nuorten osallisuuden ja inkluusion edist\u00e4miseen. H\u00e4nell\u00e4 on kokemusta henkil\u00f6st\u00f6johtamisesta, kokoustekniikasta ja rahoituksen hankkimisesta j\u00e4rjest\u00f6ille.<\/p><p class=\"translation-block\">Congratulations to all those elected and thank you to all those who applied for the Board! Last year's elected members <strong>Alba Vrapi<\/strong> and <strong>Olivia Kumpula<\/strong> will also continue to serve on the Board.<\/p><h2>S\u00e4\u00e4nt\u00f6muutos<\/h2><p>Monihelin syyskokouksessa hyv\u00e4ksyttiin s\u00e4\u00e4nt\u00f6muutos, joka mahdollistaa porrastetut j\u00e4senmaksut j\u00e4rjest\u00f6n varallisuuden mukaan. Lis\u00e4ksi hyv\u00e4ksyttiin j\u00e4senmaksut ja liittymismaksu vuodelle 2025 seuraavasti:<\/p><p><span class=\"TextRun SCXW66438161 BCX0\" lang=\"EN-GB\" xml:lang=\"EN-GB\" data-contrast=\"auto\"><span class=\"NormalTextRun SpellingErrorV2Themed SCXW66438161 BCX0\">Vapaaehtoispohjaiset j\u00e4rjest\u00f6t<\/span><\/span><span class=\"TextRun SCXW66438161 BCX0\" lang=\"EN-GB\" xml:lang=\"EN-GB\" data-contrast=\"auto\"><span class=\"NormalTextRun SCXW66438161 BCX0\">: 25\u20ac<\/span><\/span><span class=\"LineBreakBlob BlobObject DragDrop SCXW66438161 BCX0\"><span class=\"SCXW66438161 BCX0\">\u00a0<\/span><br class=\"SCXW66438161 BCX0\" \/><\/span><span class=\"TextRun SCXW66438161 BCX0\" lang=\"EN-GB\" xml:lang=\"EN-GB\" data-contrast=\"auto\"><span class=\"NormalTextRun SCXW66438161 BCX0\">Pienavustuksella <\/span><span class=\"NormalTextRun SpellingErrorV2Themed SCXW66438161 BCX0\">toimivat j\u00e4rjest\u00f6t<\/span><\/span><span class=\"TextRun SCXW66438161 BCX0\" lang=\"EN-GB\" xml:lang=\"EN-GB\" data-contrast=\"auto\"><span class=\"NormalTextRun SCXW66438161 BCX0\">: 35\u20ac<\/span><\/span><span class=\"LineBreakBlob BlobObject DragDrop SCXW66438161 BCX0\"><span class=\"SCXW66438161 BCX0\">\u00a0<\/span><br class=\"SCXW66438161 BCX0\" \/><\/span><span class=\"TextRun SCXW66438161 BCX0\" lang=\"EN-GB\" xml:lang=\"EN-GB\" data-contrast=\"auto\"><span class=\"NormalTextRun SCXW66438161 BCX0\">Kasvavat <\/span><span class=\"NormalTextRun SpellingErrorV2Themed SCXW66438161 BCX0\">j\u00e4rjest\u00f6t<\/span><\/span><span class=\"TextRun SCXW66438161 BCX0\" lang=\"EN-GB\" xml:lang=\"EN-GB\" data-contrast=\"auto\"><span class=\"NormalTextRun SCXW66438161 BCX0\">: 50\u20ac<\/span><\/span><span class=\"LineBreakBlob BlobObject DragDrop SCXW66438161 BCX0\"><span class=\"SCXW66438161 BCX0\">\u00a0<\/span><br class=\"SCXW66438161 BCX0\" \/><\/span><span class=\"TextRun SCXW66438161 BCX0\" lang=\"EN-GB\" xml:lang=\"EN-GB\" data-contrast=\"auto\"><span class=\"NormalTextRun SCXW66438161 BCX0\">Vakiintuneet <\/span><span class=\"NormalTextRun SpellingErrorV2Themed SCXW66438161 BCX0\">j\u00e4rjest\u00f6t<\/span><\/span><span class=\"TextRun SCXW66438161 BCX0\" lang=\"EN-GB\" xml:lang=\"EN-GB\" data-contrast=\"auto\"><span class=\"NormalTextRun SCXW66438161 BCX0\">: 75\u20ac<\/span><\/span><span class=\"LineBreakBlob BlobObject DragDrop SCXW66438161 BCX0\"><span class=\"SCXW66438161 BCX0\">\u00a0<\/span><br class=\"SCXW66438161 BCX0\" \/><\/span><span class=\"TextRun SCXW66438161 BCX0\" lang=\"EN-GB\" xml:lang=\"EN-GB\" data-contrast=\"auto\"><span class=\"NormalTextRun SCXW66438161 BCX0\">Liittymismaksu <\/span><span class=\"NormalTextRun SpellingErrorV2Themed SCXW66438161 BCX0\">remains<\/span><span class=\"NormalTextRun SCXW66438161 BCX0\"> 25\u20ac:<\/span><span class=\"NormalTextRun SpellingErrorV2Themed SCXW66438161 BCX0\">ssa<\/span><span class=\"NormalTextRun SCXW66438161 BCX0\">.\u00a0<\/span><\/span><\/p>\t\t\t\t\t\t\t\t<\/div>\n\t\t\t\t<\/div>\n\t\t\t\t\t<\/div>\n\t\t\t\t<\/div>\n\t\t\t\t<\/div>","protected":false},"excerpt":{"rendered":"<p>Moniheli-verkoston syyskokouksessa k\u00e4ytiin j\u00e4nnitt\u00e4v\u00e4 uuden hallituksen vaali. Lis\u00e4ksi tehtiin s\u00e4\u00e4nt\u00f6muutos, joka mahdollistaa jatkossa j\u00e4senmaksujen porrastuksen j\u00e4senj\u00e4rjest\u00f6n varallisuuden mukaisesti. Syyskokouksessa oli paikalla 28 \u00e4\u00e4nioikeudellista j\u00e4sent\u00e4 sek\u00e4 muita j\u00e4senj\u00e4rjest\u00f6jen edustajia. Puheenjohtajana toimi Keijo Mikkanen AFAES ry:st\u00e4. Kiit\u00e4mme verkostoa aktiivisesta osallistumisesta! Uusi hallitus Monihelin istuvan puheenjohtajan Emma Tamankagin kausi p\u00e4\u00e4ttyy vuodenvaihteessa. Haluamme esitt\u00e4\u00e4 Emmalle l\u00e4mpim\u00e4t kiitokset ty\u00f6st\u00e4 Monihelin [&hellip;]<\/p>\n","protected":false},"author":37,"featured_media":19465,"menu_order":11,"comment_status":"closed","ping_status":"open","template":"","format":"standard","meta":{"_acf_changed":false,"footnotes":""},"categories":[7],"tags":[],"class_list":["post-19463","uutinen","type-uutinen","status-publish","format-standard","has-post-thumbnail","hentry","category-uutiset"],"acf":[],"_links":{"self":[{"href":"https:\/\/moniheli.fi\/en\/wp-json\/wp\/v2\/uutinen\/19463","targetHints":{"allow":["GET"]}}],"collection":[{"href":"https:\/\/moniheli.fi\/en\/wp-json\/wp\/v2\/uutinen"}],"about":[{"href":"https:\/\/moniheli.fi\/en\/wp-json\/wp\/v2\/types\/uutinen"}],"author":[{"embeddable":true,"href":"https:\/\/moniheli.fi\/en\/wp-json\/wp\/v2\/users\/37"}],"replies":[{"embeddable":true,"href":"https:\/\/moniheli.fi\/en\/wp-json\/wp\/v2\/comments?post=19463"}],"version-history":[{"count":11,"href":"https:\/\/moniheli.fi\/en\/wp-json\/wp\/v2\/uutinen\/19463\/revisions"}],"predecessor-version":[{"id":20836,"href":"https:\/\/moniheli.fi\/en\/wp-json\/wp\/v2\/uutinen\/19463\/revisions\/20836"}],"wp:featuredmedia":[{"embeddable":true,"href":"https:\/\/moniheli.fi\/en\/wp-json\/wp\/v2\/media\/19465"}],"wp:attachment":[{"href":"https:\/\/moniheli.fi\/en\/wp-json\/wp\/v2\/media?parent=19463"}],"wp:term":[{"taxonomy":"category","embeddable":true,"href":"https:\/\/moniheli.fi\/en\/wp-json\/wp\/v2\/categories?post=19463"},{"taxonomy":"post_tag","embeddable":true,"href":"https:\/\/moniheli.fi\/en\/wp-json\/wp\/v2\/tags?post=19463"}],"curies":[{"name":"wp","href":"https:\/\/api.w.org\/{rel}","templated":true}]}}